

{"id":62,"date":"2017-12-08T09:48:13","date_gmt":"2017-12-08T11:48:13","guid":{"rendered":"http:\/\/gnugraf.org\/2018\/?page_id=62"},"modified":"2018-09-03T10:51:48","modified_gmt":"2018-09-03T13:51:48","slug":"grade","status":"publish","type":"page","link":"http:\/\/gnugraf.org\/2018\/grade\/","title":{"rendered":"Grade"},"content":{"rendered":"<p>O evento acontecer\u00e1 nos dias 14 e 15 de Setembro dentro do pr\u00f3prio campus da ESDI, Rua do Passeio, 80 \u2013 Centro \u2013 Rio de Janeiro Em frente ao Passeio P\u00fablico e ao lado da escola de m\u00fasica da UFRJ.<\/p>\n<p><iframe style=\"width: 100%; height: 7000px; border: none;\" src=\"http:\/\/gnugraf.org\/2018\/grade.php\"><\/iframe>Fa\u00e7a sua inscri\u00e7\u00e3o no formul\u00e1rio abaixo. Lembrando que s\u00f3 receber\u00e3o certificados as pessoas que se inscreverem e colocarem um email pessoal v\u00e1lido!<\/p>\n<p><script src=\"https:\/\/doity.com.br\/js\/box_inscricao.js\" type=\"text\/javascript\"><\/script><br \/>\n<iframe id=\"iframe-inscricao\" style=\"width: 100%; height: 650px; border: none;\" src=\"https:\/\/doity.com.br\/gnugraf-2018\/passo1?box=1\" scrolling=\"0\"><span style=\"display: inline-block; width: 0px; overflow: hidden; line-height: 0;\" data-mce-type=\"bookmark\" class=\"mce_SELRES_start\">\ufeff<\/span><span style=\"display: inline-block; width: 0px; overflow: hidden; line-height: 0;\" data-mce-type=\"bookmark\" class=\"mce_SELRES_start\">\ufeff<\/span><span style=\"display: inline-block; width: 0px; overflow: hidden; line-height: 0;\" data-mce-type=\"bookmark\" class=\"mce_SELRES_start\">\ufeff<\/span><br \/>\n<\/iframe><\/p>\n<p style=\"text-align: center; color: #666672; font-size: 14px; font-family: 'Open Sans',Helvetica, Arial, sans-serif; font-weight: bolder;\">Caso n\u00e3o consiga fazer a inscri\u00e7\u00e3o<br \/>\n<a href=\"https:\/\/doity.com.br\/gnugraf-2018\" target=\"_blank\" rel=\"noopener\">clique aqui<br \/>\n<\/a><\/p>\n<p>O evento acontecer\u00e1 nos dias <b>14 e 15 de <\/b><strong>Setembro<\/strong> dentro do pr\u00f3prio campus da <b>ESD<\/b>I, <b>Rua do Passeio, 80 \u2013 Centro<\/b><b> \u2013 Rio de Janeiro<\/b><\/p>\n<p>Em frente ao <b>Passeio P\u00fablico<\/b> e ao lado da <b>escola de m\u00fasica da UFRJ<\/b>.<\/p>\n<link rel='stylesheet' id='osm-ol3-css-css' href='http:\/\/gnugraf.org\/2018\/wp-content\/plugins\/osm\/js\/OL\/10.9.0\/ol.css?ver=6.9.4' type='text\/css' media='all' \/>\n<link rel='stylesheet' id='osm-ol3-ext-css-css' href='http:\/\/gnugraf.org\/2018\/wp-content\/plugins\/osm\/css\/osm_map_v3.css?ver=6.9.4' type='text\/css' media='all' \/>\n<link rel='stylesheet' id='osm-map-css-css' href='http:\/\/gnugraf.org\/2018\/wp-content\/plugins\/osm\/css\/osm_map.css?ver=6.9.4' type='text\/css' media='all' \/>\n<script type=\"text\/javascript\" src=\"http:\/\/gnugraf.org\/2018\/wp-includes\/js\/dist\/vendor\/wp-polyfill.min.js?ver=3.15.0\" id=\"wp-polyfill-js\"><\/script>\n<script type=\"text\/javascript\" src=\"http:\/\/gnugraf.org\/2018\/wp-content\/plugins\/osm\/js\/OL\/10.9.0\/ol.js?ver=10.9.0\" id=\"osm-ol3-library-js\"><\/script>\n<script type=\"text\/javascript\" src=\"http:\/\/gnugraf.org\/2018\/wp-content\/plugins\/osm\/js\/osm-v3-plugin-lib.js?ver=1.0.0\" id=\"osm-ol3-ext-library-js\"><\/script>\n<script type=\"text\/javascript\" src=\"http:\/\/gnugraf.org\/2018\/wp-content\/plugins\/osm\/js\/osm-metabox-events.js?ver=1.0.0\" id=\"osm-ol3-metabox-events-js\"><\/script>\n<script type=\"text\/javascript\" src=\"http:\/\/gnugraf.org\/2018\/wp-includes\/js\/jquery\/jquery.min.js?ver=3.7.1\" id=\"jquery-core-js\"><\/script>\n<script type=\"text\/javascript\" src=\"http:\/\/gnugraf.org\/2018\/wp-includes\/js\/jquery\/jquery-migrate.min.js?ver=3.4.1\" id=\"jquery-migrate-js\"><\/script>\n<script type=\"text\/javascript\" id=\"osm-map-startup-js-extra\">\n\/* <![CDATA[ *\/\nvar translations = {\"openlayer\":\"open layer\",\"openlayerAtStartup\":\"open layer at startup\",\"generateLink\":\"link to this map with opened layers\",\"shortDescription\":\"short description\",\"generatedShortCode\":\"to get a text control link paste this code in your wordpress editor\",\"closeLayer\":\"close layer\",\"cantGenerateLink\":\"put this string in the existing map short code to control this map\"};\n\/\/# sourceURL=osm-map-startup-js-extra\n\/* ]]> *\/\n<\/script>\n<script type=\"text\/javascript\" src=\"http:\/\/gnugraf.org\/2018\/wp-content\/plugins\/osm\/js\/osm-startup-lib.js?ver=V6.2.5\" id=\"osm-map-startup-js\"><\/script>\n\n        <div id=\"map_ol3js_1\"\n       class=\"osm-map-container undefined\"\n             data-map_name=\"undefined\"\n             data-map=\"map_ol3js_1\"\n             data-autoshow=\"no\"\n             style=\"width:100%;\n                    max-width:100%;\n                    height:450px;\n                    display:block;\n                    overflow:hidden;\n                    border:2px solid grey;\n                    position: relative;\">\n          <div id=\"map_ol3js_1_popup\" class=\"ol-popup\">\n            <a href=\"#\" id=\"map_ol3js_1_popup-closer\" class=\"ol-popup-closer\"><\/a>\n            <div id=\"map_ol3js_1_popup-content\"><\/div>\n          <\/div>\n        <\/div>\n    <script type=\"text\/javascript\">\n\t\t\t  vectorM['map_ol3js_1'] = [];\n\t        \n        var raster = getTileLayer(\"osm\",\"NoKey\");\t\t\t\n\n\t\t\t  var map_ol3js_1 = new ol.Map({\n\t\t\t\tinteractions: ol.interaction.defaults.defaults({mouseWheelZoom:false}),\n\t\t\t\tlayers: [raster],\n\t\t\t\ttarget: \"map_ol3js_1\",\n\t\t\t\tview: new ol.View({\n\t\t\t\t  center: ol.proj.transform([-43.1782,-22.9130], \"EPSG:4326\", \"EPSG:3857\"),\n\t\t\t\t  zoom: 19\n\t\t\t\t})\n\t\t\t  });\n\t\t\t  addControls2Map(map_ol3js_1,1,0,3,1,5,6,7,1,1);\nosm_addPopupClickhandler(map_ol3js_1,  \"map_ol3js_1\"); \nosm_addMouseHover(map_ol3js_1); <\/script>\n","protected":false},"excerpt":{"rendered":"<p>O evento acontecer\u00e1 nos dias 14 e 15 de Setembro dentro do pr\u00f3prio campus da ESDI, Rua do Passeio, 80 \u2013 Centro \u2013 Rio de Janeiro Em frente ao Passeio P\u00fablico e ao lado da escola de m\u00fasica da UFRJ. Fa\u00e7a sua inscri\u00e7\u00e3o no formul\u00e1rio abaixo. Lembrando que s\u00f3 receber\u00e3o certificados as pessoas que se [&hellip;]<\/p>\n","protected":false},"author":1,"featured_media":246,"parent":0,"menu_order":0,"comment_status":"closed","ping_status":"closed","template":"","meta":{"inline_featured_image":false,"jetpack_post_was_ever_published":false,"footnotes":""},"class_list":["post-62","page","type-page","status-publish","has-post-thumbnail","hentry"],"jetpack_sharing_enabled":true,"jetpack_shortlink":"https:\/\/wp.me\/P9s9KV-10","jetpack_likes_enabled":true,"jetpack-related-posts":[],"_links":{"self":[{"href":"http:\/\/gnugraf.org\/2018\/wp-json\/wp\/v2\/pages\/62","targetHints":{"allow":["GET"]}}],"collection":[{"href":"http:\/\/gnugraf.org\/2018\/wp-json\/wp\/v2\/pages"}],"about":[{"href":"http:\/\/gnugraf.org\/2018\/wp-json\/wp\/v2\/types\/page"}],"author":[{"embeddable":true,"href":"http:\/\/gnugraf.org\/2018\/wp-json\/wp\/v2\/users\/1"}],"replies":[{"embeddable":true,"href":"http:\/\/gnugraf.org\/2018\/wp-json\/wp\/v2\/comments?post=62"}],"version-history":[{"count":4,"href":"http:\/\/gnugraf.org\/2018\/wp-json\/wp\/v2\/pages\/62\/revisions"}],"predecessor-version":[{"id":341,"href":"http:\/\/gnugraf.org\/2018\/wp-json\/wp\/v2\/pages\/62\/revisions\/341"}],"wp:featuredmedia":[{"embeddable":true,"href":"http:\/\/gnugraf.org\/2018\/wp-json\/wp\/v2\/media\/246"}],"wp:attachment":[{"href":"http:\/\/gnugraf.org\/2018\/wp-json\/wp\/v2\/media?parent=62"}],"curies":[{"name":"wp","href":"https:\/\/api.w.org\/{rel}","templated":true}]}}